{"id":8760,"date":"2026-01-21T19:38:53","date_gmt":"2026-01-21T18:38:53","guid":{"rendered":"https:\/\/www.asta.thm.de\/veranstaltung\/8760\/"},"modified":"2026-01-21T19:41:57","modified_gmt":"2026-01-21T18:41:57","slug":"8760","status":"publish","type":"tribe_events","link":"https:\/\/www.asta.thm.de\/fr\/veranstaltung\/8760\/","title":{"rendered":"Manifestation 28.01. R\u00e9ductions dans l&rsquo;enseignement sup\u00e9rieur"},"content":{"rendered":"<h3 data-start=\"200\" data-end=\"252\">\u270a Journ\u00e9e d&rsquo;action universitaire Viens dans la rue !<\/h3>\n<p data-start=\"254\" data-end=\"497\">Les coupes dans le pacte universitaire <strong data-start=\"289\" data-end=\"301\">nous tou<\/strong>chent <strong data-start=\"289\" data-end=\"301\">tous<\/strong>: \u00e9tudiants, enseignants et employ\u00e9s de la THM. Moins d&rsquo;argent signifie de moins bonnes conditions d&rsquo;\u00e9tudes, des emplois pr\u00e9caires et moins de libert\u00e9 pour la recherche et l&rsquo;enseignement. Nous ne nous laisserons pas faire.  <\/p>\n<p data-start=\"499\" data-end=\"560\">Ensemble, nous descendrons dans la rue le <strong data-start=\"522\" data-end=\"532\">28 janvier<\/strong> pour demander<\/p>\n<ul data-start=\"562\" data-end=\"858\">\n<li data-start=\"562\" data-end=\"618\">\n<p data-start=\"564\" data-end=\"618\">une <strong data-start=\"569\" data-end=\"598\">universit\u00e9 financ\u00e9e<\/strong> au lieu d&rsquo;une politique d&rsquo;aust\u00e9rit\u00e9<\/p>\n<\/li>\n<li data-start=\"619\" data-end=\"671\">\n<p data-start=\"621\" data-end=\"671\"><strong data-start=\"621\" data-end=\"650\">pas de frais administratifs<\/strong> sur notre dos<\/p>\n<\/li>\n<li data-start=\"672\" data-end=\"733\">\n<p data-start=\"674\" data-end=\"733\"><strong data-start=\"674\" data-end=\"702\">des bourses d&rsquo;\u00e9tudes suffisantes pour vivre<\/strong> et des associations d&rsquo;\u00e9tudiants fortes<\/p>\n<\/li>\n<li data-start=\"734\" data-end=\"788\">\n<p data-start=\"736\" data-end=\"788\"><strong data-start=\"736\" data-end=\"763\">de bonnes conditions de travail<\/strong> plut\u00f4t que le chaos des contrats \u00e0 dur\u00e9e d\u00e9termin\u00e9e<\/p>\n<\/li>\n<li data-start=\"789\" data-end=\"858\">\n<p data-start=\"791\" data-end=\"858\"><strong data-start=\"791\" data-end=\"813\">des universit\u00e9s civiles<\/strong>, ind\u00e9pendantes de l&rsquo;armement et des financements ext\u00e9rieurs<\/p>\n<\/li>\n<\/ul>\n<p data-start=\"860\" data-end=\"998\">\ud83d\udccd <strong data-start=\"863\" data-end=\"876\">Manifestation de la THM :<\/strong><br data-start=\"876\" data-end=\"879\">\ud83d\udd67 <strong data-start=\"882\" data-end=\"895\">12h45<\/strong><br data-start=\"895\" data-end=\"898\">\ud83d\udccc <strong data-start=\"901\" data-end=\"913\">D-Campus\u27a1<\/strong>Rassemblement final avec la JLU \u00e0 partir d&rsquo;environ <strong data-start=\"967\" data-end=\"998\">14h00 sur la Berliner Platz<\/strong><\/p>\n<p data-start=\"1000\" data-end=\"1152\">Que l&rsquo;on soit \u00e9tudiant, employ\u00e9* ou professeur <strong data-start=\"1031\" data-end=\"1062\">, l&rsquo;universit\u00e9 est l&rsquo;affaire de tous<\/strong>.<br data-start=\"1063\" data-end=\"1066\">On adapte ce qui ne va pas. Alors quittez le campus et descendez dans la rue. \ud83d\udca5<\/p>\n<p>&nbsp;<\/p>\n<p><img loading=\"lazy\" decoding=\"async\" class=\"alignnone size-medium wp-image-8777\" src=\"https:\/\/www.asta.thm.de\/wp-content\/uploads\/2026\/01\/photo_2026-01-21_19-27-25-240x300.jpg\" alt=\"\" width=\"240\" height=\"300\">  <img loading=\"lazy\" decoding=\"async\" class=\"alignnone size-medium wp-image-8786\" src=\"https:\/\/www.asta.thm.de\/wp-content\/uploads\/2026\/01\/photo_2026-01-21_19-27-38-240x300.jpg\" alt=\"\" width=\"240\" height=\"300\"><img loading=\"lazy\" decoding=\"async\" class=\"alignnone size-medium wp-image-8783\" src=\"https:\/\/www.asta.thm.de\/wp-content\/uploads\/2026\/01\/photo_2026-01-21_19-27-34-240x300.jpg\" alt=\"\" width=\"240\" height=\"300\"> <img loading=\"lazy\" decoding=\"async\" class=\"alignnone size-medium wp-image-8780\" src=\"https:\/\/www.asta.thm.de\/wp-content\/uploads\/2026\/01\/photo_2026-01-21_19-27-30-240x300.jpg\" alt=\"\" width=\"240\" height=\"300\"><\/p>\n","protected":false},"excerpt":{"rendered":"<p>\u270a Journ\u00e9e d&rsquo;action universitaire Viens dans la rue ! Les coupes dans le pacte universitaire nous touchent tous: \u00e9tudiants, enseignants et employ\u00e9s de la THM. Moins d&rsquo;argent signifie de moins [&hellip;]<\/p>\n","protected":false},"author":16,"featured_media":0,"template":"","meta":{"_et_pb_use_builder":"","_et_pb_old_content":"","_et_gb_content_width":"","_tribe_events_status":"","_tribe_events_status_reason":"","footnotes":""},"tags":[],"tribe_events_cat":[],"class_list":["post-8760","tribe_events","type-tribe_events","status-publish","hentry"],"post_mailing_queue_ids":[],"_links":{"self":[{"href":"https:\/\/www.asta.thm.de\/fr\/wp-json\/wp\/v2\/tribe_events\/8760","targetHints":{"allow":["GET"]}}],"collection":[{"href":"https:\/\/www.asta.thm.de\/fr\/wp-json\/wp\/v2\/tribe_events"}],"about":[{"href":"https:\/\/www.asta.thm.de\/fr\/wp-json\/wp\/v2\/types\/tribe_events"}],"author":[{"embeddable":true,"href":"https:\/\/www.asta.thm.de\/fr\/wp-json\/wp\/v2\/users\/16"}],"version-history":[{"count":2,"href":"https:\/\/www.asta.thm.de\/fr\/wp-json\/wp\/v2\/tribe_events\/8760\/revisions"}],"predecessor-version":[{"id":8793,"href":"https:\/\/www.asta.thm.de\/fr\/wp-json\/wp\/v2\/tribe_events\/8760\/revisions\/8793"}],"wp:attachment":[{"href":"https:\/\/www.asta.thm.de\/fr\/wp-json\/wp\/v2\/media?parent=8760"}],"wp:term":[{"taxonomy":"post_tag","embeddable":true,"href":"https:\/\/www.asta.thm.de\/fr\/wp-json\/wp\/v2\/tags?post=8760"},{"taxonomy":"tribe_events_cat","embeddable":true,"href":"https:\/\/www.asta.thm.de\/fr\/wp-json\/wp\/v2\/tribe_events_cat?post=8760"}],"curies":[{"name":"wp","href":"https:\/\/api.w.org\/{rel}","templated":true}]}}